{"id":2292,"date":"2023-01-20T17:18:17","date_gmt":"2023-01-20T16:18:17","guid":{"rendered":"https:\/\/www.proholzlandwald.de\/bi\/?page_id=2292"},"modified":"2024-07-18T14:58:33","modified_gmt":"2024-07-18T12:58:33","slug":"im-himmelsgrund","status":"publish","type":"page","link":"https:\/\/www.proholzlandwald.de\/bi\/wandertafeln\/im-himmelsgrund\/","title":{"rendered":"Im Himmelsgrund"},"content":{"rendered":"<p><strong><u>Himmelsgrund<br \/>\n<\/u><\/strong><\/p>\n<p>Lied:<\/p>\n<p>Gesungen von der Tautenhainer Folkloregruppe: Text: Bauditz\/T\u00fcmmler; Musik: S.Sch\u00fctze<\/p>\n<p>&#8220;Im Sinkegrund&#8221;<\/p>\n<!--[if lt IE 9]><script>document.createElement('audio');<\/script><![endif]-->\n<audio class=\"wp-audio-shortcode\" id=\"audio-2292-1\" preload=\"none\" style=\"width: 100%;\" controls=\"controls\"><source type=\"audio\/mpeg\" src=\"http:\/\/www.proholzlandwald.de\/bi\/wp-content\/uploads\/2023\/01\/Im-Sinkegrund.mp3?_=1\" \/><a href=\"http:\/\/www.proholzlandwald.de\/bi\/wp-content\/uploads\/2023\/01\/Im-Sinkegrund.mp3\">http:\/\/www.proholzlandwald.de\/bi\/wp-content\/uploads\/2023\/01\/Im-Sinkegrund.mp3<\/a><\/audio>\n<p><img loading=\"lazy\" decoding=\"async\" class=\"alignnone size-medium wp-image-2297\" src=\"http:\/\/www.proholzlandwald.de\/bi\/wp-content\/uploads\/2023\/01\/Sinkegrund1-300x225.jpg\" alt=\"\" width=\"300\" height=\"225\" srcset=\"https:\/\/www.proholzlandwald.de\/bi\/wp-content\/uploads\/2023\/01\/Sinkegrund1-300x225.jpg 300w, https:\/\/www.proholzlandwald.de\/bi\/wp-content\/uploads\/2023\/01\/Sinkegrund1-1030x773.jpg 1030w, https:\/\/www.proholzlandwald.de\/bi\/wp-content\/uploads\/2023\/01\/Sinkegrund1-768x576.jpg 768w, https:\/\/www.proholzlandwald.de\/bi\/wp-content\/uploads\/2023\/01\/Sinkegrund1-705x529.jpg 705w, https:\/\/www.proholzlandwald.de\/bi\/wp-content\/uploads\/2023\/01\/Sinkegrund1.jpg 1280w\" sizes=\"(max-width: 300px) 100vw, 300px\" \/> <img loading=\"lazy\" decoding=\"async\" class=\"alignnone size-medium wp-image-2298\" src=\"http:\/\/www.proholzlandwald.de\/bi\/wp-content\/uploads\/2023\/01\/Sinkegrund2-300x225.jpg\" alt=\"\" width=\"300\" height=\"225\" srcset=\"https:\/\/www.proholzlandwald.de\/bi\/wp-content\/uploads\/2023\/01\/Sinkegrund2-300x225.jpg 300w, https:\/\/www.proholzlandwald.de\/bi\/wp-content\/uploads\/2023\/01\/Sinkegrund2-1030x773.jpg 1030w, https:\/\/www.proholzlandwald.de\/bi\/wp-content\/uploads\/2023\/01\/Sinkegrund2-768x576.jpg 768w, https:\/\/www.proholzlandwald.de\/bi\/wp-content\/uploads\/2023\/01\/Sinkegrund2-705x529.jpg 705w, https:\/\/www.proholzlandwald.de\/bi\/wp-content\/uploads\/2023\/01\/Sinkegrund2.jpg 1280w\" sizes=\"(max-width: 300px) 100vw, 300px\" \/><\/p>\n<p>Die Wandertafel steht- vielen DANK insbesondere an die Mitglieder der &#8220;Tafelrunde&#8221; f\u00fcr die krativen Ideen und Gestaltung sowie Familie Jander f\u00fcr das Aufstellen.<\/p>\n<p>Eine weitere Bereicherung f\u00fcr die Einheimischen und G\u00e4ste.<\/p>\n<p><img loading=\"lazy\" decoding=\"async\" class=\"alignnone size-medium wp-image-2349\" src=\"http:\/\/www.proholzlandwald.de\/bi\/wp-content\/uploads\/2024\/01\/d-169x300.jpg\" alt=\"\" width=\"169\" height=\"300\" srcset=\"https:\/\/www.proholzlandwald.de\/bi\/wp-content\/uploads\/2024\/01\/d-169x300.jpg 169w, https:\/\/www.proholzlandwald.de\/bi\/wp-content\/uploads\/2024\/01\/d-580x1030.jpg 580w, https:\/\/www.proholzlandwald.de\/bi\/wp-content\/uploads\/2024\/01\/d-768x1365.jpg 768w, https:\/\/www.proholzlandwald.de\/bi\/wp-content\/uploads\/2024\/01\/d-864x1536.jpg 864w, https:\/\/www.proholzlandwald.de\/bi\/wp-content\/uploads\/2024\/01\/d-844x1500.jpg 844w, https:\/\/www.proholzlandwald.de\/bi\/wp-content\/uploads\/2024\/01\/d-397x705.jpg 397w, https:\/\/www.proholzlandwald.de\/bi\/wp-content\/uploads\/2024\/01\/d.jpg 1024w\" sizes=\"(max-width: 169px) 100vw, 169px\" \/> <img loading=\"lazy\" decoding=\"async\" class=\"alignnone size-medium wp-image-2350\" src=\"http:\/\/www.proholzlandwald.de\/bi\/wp-content\/uploads\/2024\/01\/e-169x300.jpg\" alt=\"\" width=\"169\" height=\"300\" srcset=\"https:\/\/www.proholzlandwald.de\/bi\/wp-content\/uploads\/2024\/01\/e-169x300.jpg 169w, https:\/\/www.proholzlandwald.de\/bi\/wp-content\/uploads\/2024\/01\/e-580x1030.jpg 580w, https:\/\/www.proholzlandwald.de\/bi\/wp-content\/uploads\/2024\/01\/e-768x1365.jpg 768w, https:\/\/www.proholzlandwald.de\/bi\/wp-content\/uploads\/2024\/01\/e-864x1536.jpg 864w, https:\/\/www.proholzlandwald.de\/bi\/wp-content\/uploads\/2024\/01\/e-844x1500.jpg 844w, https:\/\/www.proholzlandwald.de\/bi\/wp-content\/uploads\/2024\/01\/e-397x705.jpg 397w, https:\/\/www.proholzlandwald.de\/bi\/wp-content\/uploads\/2024\/01\/e.jpg 1024w\" sizes=\"(max-width: 169px) 100vw, 169px\" \/><\/p>\n<table width=\"614\">\n<tbody>\n<tr>\n<td width=\"614\">Der Sinketeich bei Tautenhain.<\/p>\n<p>S. Gre\u00df a. a. O. S. 55. Eisel Nr. 691.<\/p>\n<p>In der stillen waldfrischen Gegend des Klingelborn f\u00fchrte vor Alters eine gro\u00dfe breite Heerstra\u00dfe mitten durch den dunkeln gr\u00fcnen Wald hinein in die weite blaue Welt. Jetzt ist aber die alte Stra\u00dfe verfallen und vereinsamt, der breite Fahrweg ist mit Moos und Rasen \u00fcberwachsen und das Wasser steht das ganze Jahr \u00fcber in dem langen Riedgrase. Dicht am Wege aber liegen einzelne, tr\u00fcbe Teiche. Den tiefsten und schw\u00e4rzesten dieser sumpfigen Waldweiher nennt das Volk die Sinke oder den Sinketeich. Der Teich soll von folgender Begebenheit seinen Namen erhalten haben.<\/p>\n<p>Einst fuhr ein reiches, stolzes Fr\u00e4ulein in kostbarer Equipage, begleitet von Dienern, diese Stra\u00dfe. Da trat ein armer Greis ihr in den Weg und bat dem\u00fcthig um eine Gabe. Das Fr\u00e4ulein hie\u00df dem Kutscher die Pferde peitschen, dieselben rissen den Alten nieder und hohnl\u00e4chelnd warf sie ihm einen Kieselstein als Zehrpfennig hin. Da that sich pl\u00f6tzlich die Erde auf und das Fr\u00e4ulein versank mit Wagen, Pferden und Dienerschaft. Aus dem Schlunde aber, der sie aufgenommen hatte, quoll schwarzes Wasser hervor und bildete einen tiefen Teich, der seitdem die Sinke genannt wird. Wer hineinf\u00e4llt, kommt nie wieder heraus: er versinkt.<\/td>\n<\/tr>\n<\/tbody>\n<\/table>\n","protected":false},"excerpt":{"rendered":"<p>Himmelsgrund Lied: Gesungen von der Tautenhainer Folkloregruppe: Text: Bauditz\/T\u00fcmmler; Musik: S.Sch\u00fctze &#8220;Im Sinkegrund&#8221; Die Wandertafel steht- vielen DANK insbesondere an die Mitglieder der &#8220;Tafelrunde&#8221; f\u00fcr die krativen Ideen und Gestaltung sowie Familie Jander f\u00fcr das Aufstellen. Eine weitere Bereicherung f\u00fcr die Einheimischen und G\u00e4ste. Der Sinketeich bei Tautenhain. S. Gre\u00df a. a. O. S. 55. [&hellip;]<\/p>\n","protected":false},"author":4,"featured_media":0,"parent":2063,"menu_order":0,"comment_status":"closed","ping_status":"closed","template":"","meta":{"footnotes":""},"yoast_head":"<!-- This site is optimized with the Yoast SEO plugin v22.3 - https:\/\/yoast.com\/wordpress\/plugins\/seo\/ -->\n<title>Im Himmelsgrund - ProHolzlandwald.de<\/title>\n<meta name=\"robots\" content=\"index, follow, max-snippet:-1, max-image-preview:large, max-video-preview:-1\" \/>\n<link rel=\"canonical\" href=\"https:\/\/www.proholzlandwald.de\/bi\/wandertafeln\/im-himmelsgrund\/\" \/>\n<meta property=\"og:locale\" content=\"de_DE\" \/>\n<meta property=\"og:type\" content=\"article\" \/>\n<meta property=\"og:title\" content=\"Im Himmelsgrund - ProHolzlandwald.de\" \/>\n<meta property=\"og:description\" content=\"Himmelsgrund Lied: Gesungen von der Tautenhainer Folkloregruppe: Text: Bauditz\/T\u00fcmmler; Musik: S.Sch\u00fctze &#8220;Im Sinkegrund&#8221; Die Wandertafel steht- vielen DANK insbesondere an die Mitglieder der &#8220;Tafelrunde&#8221; f\u00fcr die krativen Ideen und Gestaltung sowie Familie Jander f\u00fcr das Aufstellen. Eine weitere Bereicherung f\u00fcr die Einheimischen und G\u00e4ste. Der Sinketeich bei Tautenhain. S. Gre\u00df a. a. O. S. 55. [&hellip;]\" \/>\n<meta property=\"og:url\" content=\"https:\/\/www.proholzlandwald.de\/bi\/wandertafeln\/im-himmelsgrund\/\" \/>\n<meta property=\"og:site_name\" content=\"ProHolzlandwald.de\" \/>\n<meta property=\"article:modified_time\" content=\"2024-07-18T12:58:33+00:00\" \/>\n<meta property=\"og:image\" content=\"http:\/\/www.proholzlandwald.de\/bi\/wp-content\/uploads\/2023\/01\/Sinkegrund1-300x225.jpg\" \/>\n<meta name=\"twitter:card\" content=\"summary_large_image\" \/>\n<script type=\"application\/ld+json\" class=\"yoast-schema-graph\">{\"@context\":\"https:\/\/schema.org\",\"@graph\":[{\"@type\":\"WebPage\",\"@id\":\"https:\/\/www.proholzlandwald.de\/bi\/wandertafeln\/im-himmelsgrund\/\",\"url\":\"https:\/\/www.proholzlandwald.de\/bi\/wandertafeln\/im-himmelsgrund\/\",\"name\":\"Im Himmelsgrund - ProHolzlandwald.de\",\"isPartOf\":{\"@id\":\"https:\/\/www.proholzlandwald.de\/bi\/#website\"},\"primaryImageOfPage\":{\"@id\":\"https:\/\/www.proholzlandwald.de\/bi\/wandertafeln\/im-himmelsgrund\/#primaryimage\"},\"image\":{\"@id\":\"https:\/\/www.proholzlandwald.de\/bi\/wandertafeln\/im-himmelsgrund\/#primaryimage\"},\"thumbnailUrl\":\"http:\/\/www.proholzlandwald.de\/bi\/wp-content\/uploads\/2023\/01\/Sinkegrund1-300x225.jpg\",\"datePublished\":\"2023-01-20T16:18:17+00:00\",\"dateModified\":\"2024-07-18T12:58:33+00:00\",\"breadcrumb\":{\"@id\":\"https:\/\/www.proholzlandwald.de\/bi\/wandertafeln\/im-himmelsgrund\/#breadcrumb\"},\"inLanguage\":\"de\",\"potentialAction\":[{\"@type\":\"ReadAction\",\"target\":[\"https:\/\/www.proholzlandwald.de\/bi\/wandertafeln\/im-himmelsgrund\/\"]}]},{\"@type\":\"ImageObject\",\"inLanguage\":\"de\",\"@id\":\"https:\/\/www.proholzlandwald.de\/bi\/wandertafeln\/im-himmelsgrund\/#primaryimage\",\"url\":\"https:\/\/www.proholzlandwald.de\/bi\/wp-content\/uploads\/2023\/01\/Sinkegrund1.jpg\",\"contentUrl\":\"https:\/\/www.proholzlandwald.de\/bi\/wp-content\/uploads\/2023\/01\/Sinkegrund1.jpg\",\"width\":1280,\"height\":960},{\"@type\":\"BreadcrumbList\",\"@id\":\"https:\/\/www.proholzlandwald.de\/bi\/wandertafeln\/im-himmelsgrund\/#breadcrumb\",\"itemListElement\":[{\"@type\":\"ListItem\",\"position\":1,\"name\":\"Startseite\",\"item\":\"https:\/\/www.proholzlandwald.de\/bi\/startseite-2\/\"},{\"@type\":\"ListItem\",\"position\":2,\"name\":\"Wandertafeln\",\"item\":\"https:\/\/www.proholzlandwald.de\/bi\/wandertafeln\/\"},{\"@type\":\"ListItem\",\"position\":3,\"name\":\"Im Himmelsgrund\"}]},{\"@type\":\"WebSite\",\"@id\":\"https:\/\/www.proholzlandwald.de\/bi\/#website\",\"url\":\"https:\/\/www.proholzlandwald.de\/bi\/\",\"name\":\"ProHolzlandwald.de\",\"description\":\"B\u00fcrgerinitiative ProHolzlandwald\",\"potentialAction\":[{\"@type\":\"SearchAction\",\"target\":{\"@type\":\"EntryPoint\",\"urlTemplate\":\"https:\/\/www.proholzlandwald.de\/bi\/?s={search_term_string}\"},\"query-input\":\"required name=search_term_string\"}],\"inLanguage\":\"de\"}]}<\/script>\n<!-- \/ Yoast SEO plugin. -->","yoast_head_json":{"title":"Im Himmelsgrund - ProHolzlandwald.de","robots":{"index":"index","follow":"follow","max-snippet":"max-snippet:-1","max-image-preview":"max-image-preview:large","max-video-preview":"max-video-preview:-1"},"canonical":"https:\/\/www.proholzlandwald.de\/bi\/wandertafeln\/im-himmelsgrund\/","og_locale":"de_DE","og_type":"article","og_title":"Im Himmelsgrund - ProHolzlandwald.de","og_description":"Himmelsgrund Lied: Gesungen von der Tautenhainer Folkloregruppe: Text: Bauditz\/T\u00fcmmler; Musik: S.Sch\u00fctze &#8220;Im Sinkegrund&#8221; Die Wandertafel steht- vielen DANK insbesondere an die Mitglieder der &#8220;Tafelrunde&#8221; f\u00fcr die krativen Ideen und Gestaltung sowie Familie Jander f\u00fcr das Aufstellen. Eine weitere Bereicherung f\u00fcr die Einheimischen und G\u00e4ste. Der Sinketeich bei Tautenhain. S. Gre\u00df a. a. O. S. 55. [&hellip;]","og_url":"https:\/\/www.proholzlandwald.de\/bi\/wandertafeln\/im-himmelsgrund\/","og_site_name":"ProHolzlandwald.de","article_modified_time":"2024-07-18T12:58:33+00:00","og_image":[{"url":"http:\/\/www.proholzlandwald.de\/bi\/wp-content\/uploads\/2023\/01\/Sinkegrund1-300x225.jpg"}],"twitter_card":"summary_large_image","schema":{"@context":"https:\/\/schema.org","@graph":[{"@type":"WebPage","@id":"https:\/\/www.proholzlandwald.de\/bi\/wandertafeln\/im-himmelsgrund\/","url":"https:\/\/www.proholzlandwald.de\/bi\/wandertafeln\/im-himmelsgrund\/","name":"Im Himmelsgrund - ProHolzlandwald.de","isPartOf":{"@id":"https:\/\/www.proholzlandwald.de\/bi\/#website"},"primaryImageOfPage":{"@id":"https:\/\/www.proholzlandwald.de\/bi\/wandertafeln\/im-himmelsgrund\/#primaryimage"},"image":{"@id":"https:\/\/www.proholzlandwald.de\/bi\/wandertafeln\/im-himmelsgrund\/#primaryimage"},"thumbnailUrl":"http:\/\/www.proholzlandwald.de\/bi\/wp-content\/uploads\/2023\/01\/Sinkegrund1-300x225.jpg","datePublished":"2023-01-20T16:18:17+00:00","dateModified":"2024-07-18T12:58:33+00:00","breadcrumb":{"@id":"https:\/\/www.proholzlandwald.de\/bi\/wandertafeln\/im-himmelsgrund\/#breadcrumb"},"inLanguage":"de","potentialAction":[{"@type":"ReadAction","target":["https:\/\/www.proholzlandwald.de\/bi\/wandertafeln\/im-himmelsgrund\/"]}]},{"@type":"ImageObject","inLanguage":"de","@id":"https:\/\/www.proholzlandwald.de\/bi\/wandertafeln\/im-himmelsgrund\/#primaryimage","url":"https:\/\/www.proholzlandwald.de\/bi\/wp-content\/uploads\/2023\/01\/Sinkegrund1.jpg","contentUrl":"https:\/\/www.proholzlandwald.de\/bi\/wp-content\/uploads\/2023\/01\/Sinkegrund1.jpg","width":1280,"height":960},{"@type":"BreadcrumbList","@id":"https:\/\/www.proholzlandwald.de\/bi\/wandertafeln\/im-himmelsgrund\/#breadcrumb","itemListElement":[{"@type":"ListItem","position":1,"name":"Startseite","item":"https:\/\/www.proholzlandwald.de\/bi\/startseite-2\/"},{"@type":"ListItem","position":2,"name":"Wandertafeln","item":"https:\/\/www.proholzlandwald.de\/bi\/wandertafeln\/"},{"@type":"ListItem","position":3,"name":"Im Himmelsgrund"}]},{"@type":"WebSite","@id":"https:\/\/www.proholzlandwald.de\/bi\/#website","url":"https:\/\/www.proholzlandwald.de\/bi\/","name":"ProHolzlandwald.de","description":"B\u00fcrgerinitiative ProHolzlandwald","potentialAction":[{"@type":"SearchAction","target":{"@type":"EntryPoint","urlTemplate":"https:\/\/www.proholzlandwald.de\/bi\/?s={search_term_string}"},"query-input":"required name=search_term_string"}],"inLanguage":"de"}]}},"_links":{"self":[{"href":"https:\/\/www.proholzlandwald.de\/bi\/wp-json\/wp\/v2\/pages\/2292"}],"collection":[{"href":"https:\/\/www.proholzlandwald.de\/bi\/wp-json\/wp\/v2\/pages"}],"about":[{"href":"https:\/\/www.proholzlandwald.de\/bi\/wp-json\/wp\/v2\/types\/page"}],"author":[{"embeddable":true,"href":"https:\/\/www.proholzlandwald.de\/bi\/wp-json\/wp\/v2\/users\/4"}],"replies":[{"embeddable":true,"href":"https:\/\/www.proholzlandwald.de\/bi\/wp-json\/wp\/v2\/comments?post=2292"}],"version-history":[{"count":8,"href":"https:\/\/www.proholzlandwald.de\/bi\/wp-json\/wp\/v2\/pages\/2292\/revisions"}],"predecessor-version":[{"id":2412,"href":"https:\/\/www.proholzlandwald.de\/bi\/wp-json\/wp\/v2\/pages\/2292\/revisions\/2412"}],"up":[{"embeddable":true,"href":"https:\/\/www.proholzlandwald.de\/bi\/wp-json\/wp\/v2\/pages\/2063"}],"wp:attachment":[{"href":"https:\/\/www.proholzlandwald.de\/bi\/wp-json\/wp\/v2\/media?parent=2292"}],"curies":[{"name":"wp","href":"https:\/\/api.w.org\/{rel}","templated":true}]}}