{"id":340,"date":"2016-02-06T22:03:31","date_gmt":"2016-02-06T21:03:31","guid":{"rendered":"http:\/\/proholzlandwald.dev\/?page_id=340"},"modified":"2024-07-22T11:14:55","modified_gmt":"2024-07-22T09:14:55","slug":"verein","status":"publish","type":"page","link":"https:\/\/www.proholzlandwald.de\/bi\/verein\/","title":{"rendered":"Verein"},"content":{"rendered":"<div id='layer_slider_1'  class='avia-layerslider main_color avia-shadow  avia-builder-el-0  el_before_av_tab_container  avia-builder-el-first  container_wrap sidebar_right'  style='height: 151px; max-width: 1000px; margin: 0 auto;'  ><\/div><div id='after_layer_slider_1'  class='main_color av_default_container_wrap container_wrap sidebar_right'  ><div class='container av-section-cont-open' ><div class='template-page content  av-content-small alpha units'><div class='post-entry post-entry-type-page post-entry-340'><div class='entry-content-wrapper clearfix'>\n<div  class='tabcontainer av-19wnms-9c79c30c0bb4b16c28f4f438d78469ad sidebar_tab sidebar_tab_left  avia-builder-el-1  el_after_av_layerslider  avia-builder-el-no-sibling  noborder_tabs' role='tablist'>\n<section class='av_tab_section av_tab_section av-3r4gk-01014e73b516f7da210622c9d911e1ea'  itemscope=\"itemscope\" itemtype=\"https:\/\/schema.org\/CreativeWork\" ><div class='tab active_tab' role='tab' tabindex='0' data-fake-id='#tab-id-1' aria-controls='tab-id-1-content'  itemprop=\"headline\" >Vorstand<\/div><div id='tab-id-1-content' class='tab_content active_tab_content' aria-hidden=\"false\"><div class='tab_inner_content invers-color'  itemprop=\"text\" ><p style=\"text-align: left;\"><strong>1. Vorsitzender:<\/strong><br \/>\nVolkardt Pirl<\/p>\n<p style=\"text-align: left;\"><strong>2. Vorsitzender:<\/strong><br \/>\nUwe Riedel<\/p>\n<p style=\"text-align: left;\"><strong>Schatzmeister:<\/strong><br \/>\nSylke Jander<\/p>\n<p style=\"text-align: left;\"><strong>Schriftf\u00fchrer:<\/strong><br \/>\nElke Pirl<\/p>\n<p style=\"text-align: left;\"><strong>Mitglied:<\/strong><br \/>\nAndr\u00e9 Zaenker<\/p>\n<p style=\"text-align: left;\">Gesch\u00e4ftsstelle:<br \/>\nAhornweg 11\u00a0\u00a0\u00a0\u00a0 07639 Tautenhain<\/p>\n<p style=\"text-align: left;\">Tel.: 036601-44484<br \/>\nFax : 036601-46526<br \/>\nFunk: 0171-6973697<br \/>\nMail: <a class=\"mailto-link\" href=\"mailto:vp@proholzlandwald.de\" target=\"_blank\" rel=\"noopener\">vp@proholzlandwald.de<\/a><\/p>\n<\/div><\/div><\/section>\n<section class='av_tab_section av_tab_section av-xy56c-221000165883eccc558b6e8f292332eb'  itemscope=\"itemscope\" itemtype=\"https:\/\/schema.org\/CreativeWork\" ><div class='tab' role='tab' tabindex='0' data-fake-id='#tab-id-2' aria-controls='tab-id-2-content'  itemprop=\"headline\" >Satzung<\/div><div id='tab-id-2-content' class='tab_content' aria-hidden=\"true\"><div class='tab_inner_content invers-color'  itemprop=\"text\" ><h3>Satzung der B\u00fcrgerinitiative proholzlandwald e.V. (im folgenden \u201aVerein\u2019 genannt)<\/h3>\n<h4>\u00a7 1 Name und Sitz<\/h4>\n<ol>\n<li>Der Verein soll in das Vereinsregister eingetragen werden und hei\u00dft dann B\u00fcrgerinitiative proholzlandwald e.V.<\/li>\n<li>Der Verein hat seinen Sitz in 07639 Tautenhain und ist im Vereinsregister beim Amtsgericht Stadtroda eingetragen.<\/li>\n<li>Gesch\u00e4ftsjahr des Vereins ist das Kalenderjahr.<\/li>\n<\/ol>\n<h4>\u00a7 2 Vereinszweck<\/h4>\n<ol>\n<li>Der Verein setzt sich ein<\/li>\n<\/ol>\n<ul>\n<li>f\u00fcr die F\u00f6rderung der Heimatpflege und Heimatkunde, sowie<\/li>\n<li>f\u00fcr die F\u00f6rderung des Umwelt-, Natur- und Landschaftsschutzes, insbesondere f\u00fcr den Erhalt und die Wiederherstellung einer naturnahen Kulturlandschaft im Th\u00fcringer Holzlandwald.<\/li>\n<\/ul>\n<p>Hierzu sollen folgende Ma\u00dfnahmen durchgef\u00fchrt und gef\u00f6rdert werden:<\/p>\n<ul>\n<li>Anlegen und Ausbau von Wanderwegen<\/li>\n<li>Ausbau eines Wegenetzes f\u00fcr Radwanderungen<\/li>\n<li>Aufstellung von Anschauungstafeln der Pflanzen- \u00a0und Tierwelt im Holzlandwald<\/li>\n<li>Erarbeitung und \u00a0Anbringung von Schautafeln f\u00fcr die einzelnen M\u00fchlen des Tales, die den\u00a0Besuchern die Geschichte der M\u00fchlen erz\u00e4hlen<\/li>\n<\/ul>\n<p>sowie<\/p>\n<ul>\n<li>Pflege und Erhalt von Naturdenkm\u00e4lern, wie H\u00f6hlen und alte B\u00e4ume<\/li>\n<li>F\u00f6rderung und Erhaltung von Naturschutzgebieten im Th\u00fcringer Holzland<\/li>\n<li>Schaffung, Erhaltung und Verbesserung lebensgerechter Umweltbedingungen,\u00a0insbesondere f\u00fcr Menschen durch Ma\u00dfnahmen zur Bek\u00e4mpfung des L\u00e4rms<\/li>\n<li>Schaffung, Erhaltung und Verbesserung lebensgerechter Umweltbedingungen, insbesondere f\u00fcr heimische Vogelarten, z.B. durch Aufstellen von Brutk\u00e4sten<\/li>\n<\/ul>\n<ol start=\"2\">\n<li>\u00a0F\u00fcr die Erf\u00fcllung dieser satzungsm\u00e4\u00dfigen Zwecke sollen Mittel durch Mitgliedsbeitr\u00e4ge, Spenden und\/oder sonstige Zusch\u00fcsse gewonnen sowie in geeigneter Weise eingesetzt werden.<\/li>\n<\/ol>\n<h4>\u00a7 3 Selbstlosigkeit \/ Gemeinn\u00fctzigkeit<\/h4>\n<ol>\n<li>Der Verein verfolgt ausschlie\u00dflich und unmittelbar gemeinn\u00fctzige Zwecke im Sinne des Abschnitts &#8220;Steuerbeg\u00fcnstigte Zwecke&#8221; der Abgabenordnung.<\/li>\n<li>Der Verein ist selbstlos t\u00e4tig; er verfolgt keine eigenwirtschaftlichen Zwecke.<\/li>\n<li>Mittel des Vereins d\u00fcrfen nur f\u00fcr die satzungsm\u00e4\u00dfigen Zwecke verwendet werden.<\/li>\n<li>Die Mitglieder erhalten keine Zuwendungen aus Mitteln des Vereins. Es darf keine Person durch Ausgaben, die dem Zweck der K\u00f6rperschaft fremd sind oder durch unverh\u00e4ltnism\u00e4\u00dfig hohe Verg\u00fctungen beg\u00fcnstigt werden.<\/li>\n<\/ol>\n<h4>\u00a7 4 Mitgliedschaft<\/h4>\n<ol>\n<li>Mitglied des Vereins kann jede nat\u00fcrliche Personen ab vollendetem 14. Lebensjahr werden, ebenso juristische Person.<\/li>\n<li>Die Erhebung, H\u00f6he und Verwendung von Mitgliedsbeitr\u00e4gen wird in der Beitragsordnung geregelt.<\/li>\n<\/ol>\n<h4>\u00a7 5 Beginn und Ende der Mitgliedschaft<\/h4>\n<ol>\n<li>Die Mitgliedschaft beginnt mit der Annahme des schriftlich zu stellenden Aufnahmeantrages durch den Vorstand. Den schriftlichen Aufnahmeantrag kann der Vorstand innerhalb eines Monats ab schriftlichem Zugang des ordnungsgem\u00e4\u00dfen Antrags ablehnen. Ablehnungsgr\u00fcnde m\u00fcssen einem Antragsteller nicht mitgeteilt werden.<\/li>\n<li>Die Mitgliedschaft endet mit Tod, Austritt oder Ausschluss aus dem Verein.<\/li>\n<li>Der Austritt kann mit einer Frist von einem Monat zum Monatsende erfolgen und muss schriftlich mitgeteilt werden.<\/li>\n<li>Die Ausschlie\u00dfung aus wichtigem Grund, kann mit sofortiger Wirkung durch Beschluss des Vorstandes mit einer Mehrheit von 2\/3 der abgegebenen Stimmen erfolgen. Ein wichtiger Grund ist insbesondere eine grobe Verletzung der Vereinspflichten oder ein Verhalten, das f\u00fcr den Verein einen nicht nur unerheblichen Nachteil verursacht hat. Der Anspruch des Vereins auf etwaig geschuldete Leistungen gegen das ausgeschlossene Mitglied erlischt durch den Ausschluss nicht.<\/li>\n<\/ol>\n<h4>\u00a7 6 Aufgaben der Mitgliederversammlung<\/h4>\n<p>Die Aufgaben der Mitgliederversammlung sind:<\/p>\n<ul>\n<li>Bestimmung der Anzahl, Wahl, Abberufung und Entlastung des Vorstands (vertretungsberechtigte und nicht vertretungsberechtigte Vorst\u00e4nde);<\/li>\n<li>Entgegennahme des Jahresberichts des Vorstands und Beschlussfassung \u00fcber den Vereinshaushalt;<\/li>\n<li>Satzungs\u00e4nderungen, \u00c4nderungen des Vereinszwecks und Aufl\u00f6sung des Vereins;<\/li>\n<li>Bestimmung der Anzahl und Wahl der Revisoren sowie Entgegennahme deren Berichts<\/li>\n<\/ul>\n<h4>\u00a7 7 Ordentliche und Au\u00dferordentliche Mitgliederversammlung<\/h4>\n<ol start=\"1\">\n<li>Die ordentliche Mitgliederversammlung ist j\u00e4hrlich abzuhalten. Sie besteht aus den stimmberechtigten Mitgliedern und beschlie\u00dft insbesondere \u00fcber\u00a0\u00a0\u00a0\u00a0\u00a0\u00a0\u00a0\u00a0\u00a0\u00a0\u00a0\u00a0\u00a0\u00a0\u00a0\u00a0\u00a0\u00a0\u00a0\u00a0\u00a0\u00a0\u00a0\u00a0\u00a0 a) die Jahresberichte des Vorstands sowie die Rechnungslegung f\u00fcr das abgelaufene Jahr und die Entlastung des Vorstands. Der Vorstand kann auch einzeln entlastet werden<br \/>\nb) die Wahl und die Abberufung des Vorstands sowie der Revisoren, die weder dem Vorstand angeh\u00f6ren noch Angestellte des Vereins sein d\u00fcrfen<br \/>\nc) Satzungs\u00e4nderungen<br \/>\nd) den Wirtschaftsplan f\u00fcr das folgende Gesch\u00e4ftsjahr<br \/>\ne) die \u00c4nderung der Beitragsordnung<br \/>\nf) die Aufl\u00f6sung des Vereins.<\/li>\n<\/ol>\n<ol start=\"2\">\n<li>Der Vorstand l\u00e4dt durch schriftliche Einladung der Mitglieder 2 Wochen im Voraus mindestens einmal im Jahr zur Mitgliederversammlung ein. Dabei ist die vom Vorstand festgesetzte Tagesordnung, sowie Ort, Datum und Beginn der Versammlung mitzuteilen. Die Mitgliederversammlung ist beschlussf\u00e4hig, wenn sie ordnungsgem\u00e4\u00df einberufen wurde. Sie fasst mit der einfachen Mehrheit der anwesenden Mitglieder Beschl\u00fcsse.<\/li>\n<li>Beschl\u00fcsse werden mit der Mehrheit der g\u00fcltigen Stimmen der erschienenen stimmberechtigten Mitglieder gefasst. Satzungs\u00e4nderungen sowie eine \u00c4nderung des Vereinszwecks bed\u00fcrfen einer 2\/3 Mehrheit der anwesenden stimmberechtigten Mitglieder. Beschl\u00fcsse \u00fcber die Aufl\u00f6sung des Vereins bed\u00fcrfen einer Mehrheit von \u00be der erschienenen stimmberechtigten Mitglieder. Mitglieder, die sich der Stimme enthalten, werden behandelt wie nicht Erschienene. Die Beschl\u00fcsse der Mitgliederversammlung werden schriftlich protokolliert. \u00dcber die Art der Abstimmung entscheidet der Vorstand. Wahlen erfolgen jedoch schriftlich durch verdeckte Stimmzettel, wenn nicht die Mitgliederversammlung einstimmig eine offene Wahl billigt. Der Vorsitzende ist einzeln zu w\u00e4hlen.<\/li>\n<li>Der Vorsitzende des Vereins leitet die Versammlung. Steht er selbst zur Wahl, bestimmt die Versammlung einen Versammlungsleiter. \u00dcber die Versammlungen ist eine Niederschrift zu fertigen, die vom Schriftf\u00fchrer und dem Versammlungsleiter zu unterzeichnen ist.<\/li>\n<li>Eine au\u00dferordentliche Mitgliederversammlung ist einzuberufen, wenn das Interesse des Vereins dies erfordert oder wenn mindestens 30 % der Mitglieder dies unter Angabe des Grundes und des Zwecks schriftlich gegen\u00fcber dem Vorstand verlangen.<\/li>\n<\/ol>\n<h4>\u00a7 8 Vertretungsberechtigter Vorstand gem. \u00a7 26 BGB<\/h4>\n<p>Der Vorstand besteht aus:<br \/>\ndem Vorsitzenden, seinem Stellvertreter, dem Schriftfu\u0308hrer und einem Kassenwart.<\/p>\n<ol>\n<li>Der Vorstand wird gema\u0308\u00df \u00a7 26 BGB durch den Vorsitzenden und seinen Stellvertreter gerichtlich und au\u00dfergerichtlich vertreten. Jeder von ihnen hat Einzelvertretungsberechtigung.<\/li>\n<li>Der Vorstand ist fu\u0308r alle Vereinsangelegenheiten zusta\u0308ndig, die nicht durch die Satzung ausdru\u0308cklich der Mitgliederversammlung zugewiesen sind.<\/li>\n<li>Der Vorstand fasst Beschlu\u0308sse mit einfacher Mehrheit, hieru\u0308ber werden schriftliche Protokolle angefertigt. Der Vorstand ist beschlussfa\u0308hig, wenn mindestens zwei Vorstandsmitglieder anwesend sind, hiervon mindestens eines der vertretungsberechtigten Vorstandsmitglieder. Bei Stimmgleichheit hat der Vorsitzende den Stichentscheid.<\/li>\n<li>Die einzelvertretungsberechtigten Vorstandsmitglieder sind an die Mehrheitsbeschlu\u0308sse des Vorstands gebunden.<\/li>\n<li>Der Vorstand wird fu\u0308r die Dauer von zwei Jahren gewa\u0308hlt. Der Vorstand bleibt bis zur Wahl eines neuen Vorstandes im Amt.<\/li>\n<li>Die Mitglieder der Organe und Gremien des Vereins sind grundsa\u0308tzlich ehrenamtlich ta\u0308tig.<\/li>\n<\/ol>\n<h4>\u00a7 9 Revision<\/h4>\n<ol>\n<li>Die Mitgliederversammlung w\u00e4hlt mindestens zwei Revisoren.<\/li>\n<li>Die Aufgaben sind die Rechnungspr\u00fcfung und die \u00dcberpr\u00fcfung der Einhaltung der Satzungsvorgaben und Vereinsbeschl\u00fcsse.<\/li>\n<\/ol>\n<h4>\u00a7 10 Aufl\u00f6sung<\/h4>\n<p>Bei Aufl\u00f6sung des Vereins oder bei Wegfall steuerbeg\u00fcnstigter Zwecke f\u00e4llt das Verm\u00f6gen des Vereins an eine juristische Person des \u00f6ffentlichen Rechts oder eine andere steuerbeg\u00fcnstigte K\u00f6rperschaft zwecks Verwendung f\u00fcr die F\u00f6rderung des Landschaftsschutzes und der Landschaftspflege.<\/p>\n<h4>\u00a711 Inkrafttreten<\/h4>\n<p>Die Satzung tritt am 18.02.2015 in Kraft<br \/>\nTautenhain, den 17.02.2015<\/p>\n<p>Unterschriften der Gr\u00fcndungsmitglieder<\/p>\n<p>Verein wurde eingetragen am 2.4.2015 im Vereinsregister Stadtroda Nr. 210889<\/p>\n<div  class='avia-button-wrap av-si0zo-6ad3904ca58ee26582623a143c2dfede-wrap avia-button-left  avia-builder-el-2  avia-builder-el-no-sibling '><a href='http:\/\/www.proholzlandwald.de\/bi\/wp-content\/uploads\/2017\/04\/Satzung-der-Bu%CC%88rgerinitiative-proholzlandwald-eV_2017.pdf'  class='avia-button av-si0zo-6ad3904ca58ee26582623a143c2dfede avia-icon_select-yes-left-icon avia-size-medium avia-position-left avia-color-theme-color'  ><span class='avia_button_icon avia_button_icon_left' aria-hidden='true' data-av_icon='\ue82d' data-av_iconfont='entypo-fontello'><\/span><span class='avia_iconbox_title' >Satzung herunterladen<\/span><\/a><\/div>\n<\/div><\/div><\/section>\n<section class='av_tab_section av_tab_section av-n79pg-5f814caff096cfe0999b9f30f2175f16'  itemscope=\"itemscope\" itemtype=\"https:\/\/schema.org\/CreativeWork\" ><div class='tab' role='tab' tabindex='0' data-fake-id='#tab-id-3' aria-controls='tab-id-3-content'  itemprop=\"headline\" >Aufnahmeantrag<\/div><div id='tab-id-3-content' class='tab_content' aria-hidden=\"true\"><div class='tab_inner_content invers-color'  itemprop=\"text\" ><p>Wir freuen uns, dass Sie sich f\u00fcr eine Mitgliedschaft in unserem Verein interessieren.<br \/>\nAls Vereinsmitglied k\u00f6nnen Sie tatkr\u00e4ftig die Interessen &#8220;pro Holzlandwald&#8221; mit vertreten.<\/p>\n<p>Bitte Aufnahmeantrag downloaden &#8211; ausf\u00fcllen &#8211; uns zusenden oder direkt beim Schatzmeister unseres Vereins Sylke Jander (Paradiesstra\u00dfe 12A, 07639 Tautenhain) abgeben bzw. in den Briefkasten werfen.<\/p>\n<p><a href=\"http:\/\/www.proholzlandwald.de\/bi\/wp-content\/uploads\/2016\/02\/AufnahmeantragBIproholzlandwaldeV.pdf\" rel=\"\">Aufnahmeantrag<\/a><\/p>\n<\/div><\/div><\/section>\n<section class='av_tab_section av_tab_section av-1bb70-7f7c7759117be8d280f8d6f627c4150b'  itemscope=\"itemscope\" itemtype=\"https:\/\/schema.org\/CreativeWork\" ><div class='tab' role='tab' tabindex='0' data-fake-id='#tab-id-4' aria-controls='tab-id-4-content'  itemprop=\"headline\" >Beitragsordnung<\/div><div id='tab-id-4-content' class='tab_content' aria-hidden=\"true\"><div class='tab_inner_content invers-color'  itemprop=\"text\" ><h3 class=\"first\">Beitragsordnung BI proholzlandwald e.V.<\/h3>\n<h3>I. Grundlage<\/h3>\n<p>Grundlage f\u00fcr die Regelungen in dieser Beitragsordnung ist die Vereinssatzung in der Fassung vom 18. Februar 2015.<\/p>\n<h3>II. Solidarit\u00e4tsprinzip<\/h3>\n<p>Wesentliche Grundlage f\u00fcr die finanzielle Ausstattung des Vereins ist das Beitragsaufkommen der Mitglieder. Der Verein ist daher darauf angewiesen, dass alle Mitglieder ihre Beitragspflichten, die in der Satzung<br \/>\ngrunds\u00e4tzlich geregelt sind, in vollem Umfang und p\u00fcnktlich erf\u00fcllen. Nur so kann der Verein seine Aufgaben erf\u00fcllen und seine Leistungen gegen\u00fcber seinen Mitgliedern erbringen.<\/p>\n<h3>III. Beschlussfassung und Bekanntgabe<\/h3>\n<ol>\n<li>Die Mitgliederversammlung hat daher in ihrer Sitzung am 17. Februar 2015 die nachfolgende Beitragsordnung beschlossen.<\/li>\n<li>Die Beitragsordnung tritt am\u00a0 18. Februar 2015 in Kraft.<\/li>\n<\/ol>\n<h3>IV. Regelungen<\/h3>\n<ol>\n<li>Die H\u00f6he der einzelnen Beitr\u00e4ge wird durch die Mitgliederversammlung beschlossen.<\/li>\n<li>Der Jahresbeitrag betr\u00e4gt 12,00 Euro.<\/li>\n<li>Die Mitglieder sind verpflichtet, Anschriften- und Konten\u00e4nderungen umgehend schriftlich der Gesch\u00e4ftsstelle mitzuteilen. Werden die \u00c4nderungen nicht mitgeteilt, k\u00f6nnen dem Verein daraus keine Nachteile entstehen.<\/li>\n<li>Bei Vereinseintritt ist der volle Jahresbeitrag zu zahlen.<\/li>\n<li>Der Austritt aus dem Verein ist nur zum Ende des Kalenderjahres m\u00f6glich und muss dem Vorstand sp\u00e4testens einen Monat vorher schriftlich erkl\u00e4rt werden. Wird die K\u00fcndigungsfrist nicht eingehalten, verl\u00e4ngert sich diese und damit die Pflicht zur Beitragszahlung um ein weiteres Kalenderjahr.<\/li>\n<li>Alle Beitr\u00e4ge des Vereins sind auf nachfolgendes Beitragskonto des Vereins zu zahlen. IBAN: DE53 8309 4454 0364 0114 07,<br \/>\nBIC: GENODEF1RUJ\u00a0bei der Volksbank eG Gera \u2022 Jena \u2022 Rudolstadt<\/li>\n<li>Alle Vereinsbeitr\u00e4ge sind zum 28.02. des Jahres f\u00e4llig.<\/li>\n<li>Die Beitr\u00e4ge des Vereins werden durch Abbuchungserm\u00e4chtigung im Lastschriftverfahren erhoben. Die Erm\u00e4chtigung kann vom Mitglied jederzeit widerrufen werden. Es gelten die bank\u00fcblichen Verfahrensregeln.<\/li>\n<li>Jedes Vereinsmitglied ist verpflichtet seine Beitr\u00e4ge bis sp\u00e4testens 28.02. des Jahres zu zahlen<\/li>\n<li>F\u00fcr Neumitglieder ist der Jahresbeitrag innerhalb von 14 Tagen nach Zugang der Mitteilung auf Mitgliedschaft f\u00e4llig.<\/li>\n<\/ol>\n<p>Tautenhain, 18.02.2015<\/p>\n<\/div><\/div><\/section>\n<section class='av_tab_section av_tab_section av-99vjw-3937d943b927dbe45bda38d45e68d4bc'  itemscope=\"itemscope\" itemtype=\"https:\/\/schema.org\/CreativeWork\" ><div class='tab' role='tab' tabindex='0' data-fake-id='#tab-id-5' aria-controls='tab-id-5-content'  itemprop=\"headline\" >Spenden<\/div><div id='tab-id-5-content' class='tab_content' aria-hidden=\"true\"><div class='tab_inner_content invers-color'  itemprop=\"text\" ><h3>Spenden zur Finanzierung der Aktivit\u00e4ten unserer B\u00fcrgerinitative<\/h3>\n<p>Wir sind ein gemeinn\u00fctziger Verein und finanzieren unsere Aktivit\u00e4ten ausschlie\u00dflich \u00fcber Mitgliedsbeitr\u00e4ge und Spendengelder.<\/p>\n<h5>Gern k\u00f6nnen Sie uns unterst\u00fctzen und einen finanziellen Beitrag leisten &#8211; jeder EURO hilft.<\/h5>\n<p>Selbstverst\u00e4ndlich erhalten Sie auf Wunsch eine\u00a0 Spendenquittung, um Ihre Spende steuerlich geltend machen zu k\u00f6nnen.<\/p>\n<p>Zahlen Sie bitte Ihre Spenden auf folgendes Konto ein:<\/p>\n<blockquote>\n<p>Zahlungsempf\u00e4nger: B\u00fcrgerinitiative proholzlandwald e.V.<\/p>\n<p style=\"text-align: left;\">IBAN:\u00a0DE53 8309 4454 0364 0114 07<\/p>\n<p style=\"text-align: left;\">BIC:\u00a0GENODEF1RUJ<\/p>\n<p style=\"text-align: left;\">Volksbank eG Gera \u2022 Jena \u2022 Rudolstadt<\/p>\n<\/blockquote>\n<p>Bitte geben Sie Ihre Adresse im Verwendungszweck an, damit wir Ihnen eine Spendenbescheinigung ausstellen k\u00f6nnen.<\/p>\n<p>Vielen Dank!\u00a0 F\u00fcr den Erhalt des Holzlandwaldes ohne Windr\u00e4der!<\/p>\n<\/div><\/div><\/section>\n<\/div>\n","protected":false},"excerpt":{"rendered":"","protected":false},"author":1,"featured_media":0,"parent":0,"menu_order":0,"comment_status":"closed","ping_status":"closed","template":"","meta":{"footnotes":""},"yoast_head":"<!-- This site is optimized with the Yoast SEO plugin v22.3 - https:\/\/yoast.com\/wordpress\/plugins\/seo\/ -->\n<title>Verein - ProHolzlandwald.de<\/title>\n<meta name=\"robots\" content=\"index, follow, max-snippet:-1, max-image-preview:large, max-video-preview:-1\" \/>\n<link rel=\"canonical\" href=\"https:\/\/www.proholzlandwald.de\/bi\/verein\/\" \/>\n<meta property=\"og:locale\" content=\"de_DE\" \/>\n<meta property=\"og:type\" content=\"article\" \/>\n<meta property=\"og:title\" content=\"Verein - ProHolzlandwald.de\" \/>\n<meta property=\"og:url\" content=\"https:\/\/www.proholzlandwald.de\/bi\/verein\/\" \/>\n<meta property=\"og:site_name\" content=\"ProHolzlandwald.de\" \/>\n<meta property=\"article:modified_time\" content=\"2024-07-22T09:14:55+00:00\" \/>\n<meta name=\"twitter:card\" content=\"summary_large_image\" \/>\n<meta name=\"twitter:label1\" content=\"Gesch\u00e4tzte Lesezeit\" \/>\n\t<meta name=\"twitter:data1\" content=\"9\u00a0Minuten\" \/>\n<script type=\"application\/ld+json\" class=\"yoast-schema-graph\">{\"@context\":\"https:\/\/schema.org\",\"@graph\":[{\"@type\":\"WebPage\",\"@id\":\"https:\/\/www.proholzlandwald.de\/bi\/verein\/\",\"url\":\"https:\/\/www.proholzlandwald.de\/bi\/verein\/\",\"name\":\"Verein - ProHolzlandwald.de\",\"isPartOf\":{\"@id\":\"https:\/\/www.proholzlandwald.de\/bi\/#website\"},\"datePublished\":\"2016-02-06T21:03:31+00:00\",\"dateModified\":\"2024-07-22T09:14:55+00:00\",\"breadcrumb\":{\"@id\":\"https:\/\/www.proholzlandwald.de\/bi\/verein\/#breadcrumb\"},\"inLanguage\":\"de\",\"potentialAction\":[{\"@type\":\"ReadAction\",\"target\":[\"https:\/\/www.proholzlandwald.de\/bi\/verein\/\"]}]},{\"@type\":\"BreadcrumbList\",\"@id\":\"https:\/\/www.proholzlandwald.de\/bi\/verein\/#breadcrumb\",\"itemListElement\":[{\"@type\":\"ListItem\",\"position\":1,\"name\":\"Startseite\",\"item\":\"https:\/\/www.proholzlandwald.de\/bi\/startseite-2\/\"},{\"@type\":\"ListItem\",\"position\":2,\"name\":\"Verein\"}]},{\"@type\":\"WebSite\",\"@id\":\"https:\/\/www.proholzlandwald.de\/bi\/#website\",\"url\":\"https:\/\/www.proholzlandwald.de\/bi\/\",\"name\":\"ProHolzlandwald.de\",\"description\":\"B\u00fcrgerinitiative ProHolzlandwald\",\"potentialAction\":[{\"@type\":\"SearchAction\",\"target\":{\"@type\":\"EntryPoint\",\"urlTemplate\":\"https:\/\/www.proholzlandwald.de\/bi\/?s={search_term_string}\"},\"query-input\":\"required name=search_term_string\"}],\"inLanguage\":\"de\"}]}<\/script>\n<!-- \/ Yoast SEO plugin. -->","yoast_head_json":{"title":"Verein - ProHolzlandwald.de","robots":{"index":"index","follow":"follow","max-snippet":"max-snippet:-1","max-image-preview":"max-image-preview:large","max-video-preview":"max-video-preview:-1"},"canonical":"https:\/\/www.proholzlandwald.de\/bi\/verein\/","og_locale":"de_DE","og_type":"article","og_title":"Verein - ProHolzlandwald.de","og_url":"https:\/\/www.proholzlandwald.de\/bi\/verein\/","og_site_name":"ProHolzlandwald.de","article_modified_time":"2024-07-22T09:14:55+00:00","twitter_card":"summary_large_image","twitter_misc":{"Gesch\u00e4tzte Lesezeit":"9\u00a0Minuten"},"schema":{"@context":"https:\/\/schema.org","@graph":[{"@type":"WebPage","@id":"https:\/\/www.proholzlandwald.de\/bi\/verein\/","url":"https:\/\/www.proholzlandwald.de\/bi\/verein\/","name":"Verein - ProHolzlandwald.de","isPartOf":{"@id":"https:\/\/www.proholzlandwald.de\/bi\/#website"},"datePublished":"2016-02-06T21:03:31+00:00","dateModified":"2024-07-22T09:14:55+00:00","breadcrumb":{"@id":"https:\/\/www.proholzlandwald.de\/bi\/verein\/#breadcrumb"},"inLanguage":"de","potentialAction":[{"@type":"ReadAction","target":["https:\/\/www.proholzlandwald.de\/bi\/verein\/"]}]},{"@type":"BreadcrumbList","@id":"https:\/\/www.proholzlandwald.de\/bi\/verein\/#breadcrumb","itemListElement":[{"@type":"ListItem","position":1,"name":"Startseite","item":"https:\/\/www.proholzlandwald.de\/bi\/startseite-2\/"},{"@type":"ListItem","position":2,"name":"Verein"}]},{"@type":"WebSite","@id":"https:\/\/www.proholzlandwald.de\/bi\/#website","url":"https:\/\/www.proholzlandwald.de\/bi\/","name":"ProHolzlandwald.de","description":"B\u00fcrgerinitiative ProHolzlandwald","potentialAction":[{"@type":"SearchAction","target":{"@type":"EntryPoint","urlTemplate":"https:\/\/www.proholzlandwald.de\/bi\/?s={search_term_string}"},"query-input":"required name=search_term_string"}],"inLanguage":"de"}]}},"_links":{"self":[{"href":"https:\/\/www.proholzlandwald.de\/bi\/wp-json\/wp\/v2\/pages\/340"}],"collection":[{"href":"https:\/\/www.proholzlandwald.de\/bi\/wp-json\/wp\/v2\/pages"}],"about":[{"href":"https:\/\/www.proholzlandwald.de\/bi\/wp-json\/wp\/v2\/types\/page"}],"author":[{"embeddable":true,"href":"https:\/\/www.proholzlandwald.de\/bi\/wp-json\/wp\/v2\/users\/1"}],"replies":[{"embeddable":true,"href":"https:\/\/www.proholzlandwald.de\/bi\/wp-json\/wp\/v2\/comments?post=340"}],"version-history":[{"count":21,"href":"https:\/\/www.proholzlandwald.de\/bi\/wp-json\/wp\/v2\/pages\/340\/revisions"}],"predecessor-version":[{"id":2705,"href":"https:\/\/www.proholzlandwald.de\/bi\/wp-json\/wp\/v2\/pages\/340\/revisions\/2705"}],"wp:attachment":[{"href":"https:\/\/www.proholzlandwald.de\/bi\/wp-json\/wp\/v2\/media?parent=340"}],"curies":[{"name":"wp","href":"https:\/\/api.w.org\/{rel}","templated":true}]}}